{"id":810,"date":"2014-07-15T09:54:17","date_gmt":"2014-07-15T09:54:17","guid":{"rendered":"http:\/\/university.cactusthemes.com\/?page_id=810"},"modified":"2014-07-15T09:54:17","modified_gmt":"2014-07-15T09:54:17","slug":"post-list-classic","status":"publish","type":"page","link":"https:\/\/elearning.upt.ro\/en\/post-list-classic\/","title":{"rendered":"Post List Classic"},"content":{"rendered":"<p>[vc_row][vc_column width=&#8221;1\/1&#8243;]    \t<section class=\"un-post-listing shortcode-blog-8737 \" data-delay=0>\n            <div class=\"section-inner\">\n                <div class=\"section-header\">\n                                                            <div class=\"clearfix\"><\/div>\n                <\/div><!--\/section-header-->\n                <div class=\"section-body\">\n                \t<div class=\"row\">\n                \t\t\t\t\t\t\t\t<div class=\"col-md-6 col-sm-6 col-xs-12 shortcode-blog-item\">\n                                <div class=\"content-pad\">\n                                    <div class=\"post-item row\">\n                                        <div class=\"col-md-6 col-sm-12\">\n                                            <div class=\"content-pad\">\n                                                <div class=\"item-thumbnail\">\n                                                    <a href=\"https:\/\/elearning.upt.ro\/en\/comunitate\/democon-summer-school-phd-master-educators-researchers\/\" title=\"DEMOcon Summer School (PhD\/Master\/educators\/researchers)\">\n\t\t\t\t\t\t\t\t\t\t\t\t\t\t                                                        <img fetchpriority=\"high\" decoding=\"async\" src=\"https:\/\/elearning.upt.ro\/wp-content\/uploads\/2026\/04\/Democon-2026_Summer-School-01-526x526.jpg\" width=\"526\" height=\"526\" title=\"DEMOcon Summer School (PhD\/Master\/educators\/researchers)\" alt=\"DEMOcon Summer School (PhD\/Master\/educators\/researchers)\">\n                                                        \t\t\t\t\t\t\t\t\t\t\t\t\t\t\t\t<span class=\"thumbnail-overlay\">08\/04\/2026<\/span>\n\t\t\t\t\t\t\t\t\t\t\t\t\t\t                                                    <\/a>\n                                                <\/div>\n                                            <\/div>\n                                        <\/div>\n                                        <div class=\"col-md-6 col-sm-12\">\n                                            <div class=\"content-pad\">\n                                                <div class=\"item-content\">\n                                                    <h3 class=\"item-title\"><a href=\"https:\/\/elearning.upt.ro\/en\/comunitate\/democon-summer-school-phd-master-educators-researchers\/\" title=\"DEMOcon Summer School (PhD\/Master\/educators\/researchers)\" class=\"main-color-1-hover\">DEMOcon Summer School (PhD\/Master\/educators\/researchers)<\/a><\/h3>\n                                                                                                        <div class=\"shortcode-blog-excerpt\">21\u201324 iunie 2026, Timi\u0219oara, Rom\u00e2nia\n\nOrganizat \u00een colaborare cu IEEE Education Society, EMOOCs \u0219i Universitatea Politehnica din Timi\u0219oara, Rom\u00e2nia\n\u0218i \u00een paralel cu Conferin\u021ba interna\u021bional\u0103 IEEE DEMOcon 2026 privind educa\u021bia digital\u0103 \u0219i cursurile MOOC (24\u201326 iunie 2026)<\/div>\n                                                                                                        <div class=\"item-meta\">\n                                                    \t                                                        <a class=\"btn btn-default btn-lighter\" href=\"https:\/\/elearning.upt.ro\/en\/comunitate\/democon-summer-school-phd-master-educators-researchers\/\" title=\"DEMOcon Summer School (PhD\/Master\/educators\/researchers)\">Detail <i class=\"fa fa-angle-right\"><\/i><\/a>\n\t\t\t\t\t\t\t\t\t\t\t\t\t\t                                                                                                            <\/div>\n                                                <\/div>\n                                            <\/div>\n                                        <\/div>\n                                    <\/div><!--\/post-item-->\n                                <\/div>\n                            <\/div><!--\/shortcode-blog-item-->\n\t\t\t\t\t\t\t\t\t\t\t\t\t\t<div class=\"col-md-6 col-sm-6 col-xs-12 shortcode-blog-item\">\n                                <div class=\"content-pad\">\n                                    <div class=\"post-item row\">\n                                        <div class=\"col-md-6 col-sm-12\">\n                                            <div class=\"content-pad\">\n                                                <div class=\"item-thumbnail\">\n                                                    <a href=\"https:\/\/elearning.upt.ro\/en\/proiecte\/al-treilea-numar-al-ezines-accelerate-future-hei-a-fost-publicat\/\" title=\"Al treilea num\u0103r al Ezines &#8211; Accelerate Future HEI a fost publicat\">\n\t\t\t\t\t\t\t\t\t\t\t\t\t\t                                                        <img decoding=\"async\" src=\"https:\/\/elearning.upt.ro\/wp-content\/uploads\/2024\/03\/Logo-Accelerate-526x526.jpg\" width=\"526\" height=\"526\" title=\"Al treilea num\u0103r al Ezines &#8211; Accelerate Future HEI a fost publicat\" alt=\"Al treilea num\u0103r al Ezines &#8211; Accelerate Future HEI a fost publicat\">\n                                                        \t\t\t\t\t\t\t\t\t\t\t\t\t\t\t\t<span class=\"thumbnail-overlay\">31\/03\/2026<\/span>\n\t\t\t\t\t\t\t\t\t\t\t\t\t\t                                                    <\/a>\n                                                <\/div>\n                                            <\/div>\n                                        <\/div>\n                                        <div class=\"col-md-6 col-sm-12\">\n                                            <div class=\"content-pad\">\n                                                <div class=\"item-content\">\n                                                    <h3 class=\"item-title\"><a href=\"https:\/\/elearning.upt.ro\/en\/proiecte\/al-treilea-numar-al-ezines-accelerate-future-hei-a-fost-publicat\/\" title=\"Al treilea num\u0103r al Ezines &#8211; Accelerate Future HEI a fost publicat\" class=\"main-color-1-hover\">Al treilea num\u0103r al Ezines &#8211; Accelerate Future HEI a fost publicat<\/a><\/h3>\n                                                                                                        <div class=\"shortcode-blog-excerpt\">Cel de-al treilea num\u0103r al revistei electronice Accelerate Future HEI este acum disponibil. Edi\u021bia prezint\u0103 rezultate concrete ale transform\u0103rii institu\u021bionale \u00een \u00eenv\u0103\u021b\u0103m\u00e2ntul superior european, cu accent pe planificare strategic\u0103, mentorat \u0219i politici comune la nivelul Spa\u021biului European de Cercetare.<\/div>\n                                                                                                        <div class=\"item-meta\">\n                                                    \t                                                        <a class=\"btn btn-default btn-lighter\" href=\"https:\/\/elearning.upt.ro\/en\/proiecte\/al-treilea-numar-al-ezines-accelerate-future-hei-a-fost-publicat\/\" title=\"Al treilea num\u0103r al Ezines &#8211; Accelerate Future HEI a fost publicat\">Detail <i class=\"fa fa-angle-right\"><\/i><\/a>\n\t\t\t\t\t\t\t\t\t\t\t\t\t\t                                                                                                            <\/div>\n                                                <\/div>\n                                            <\/div>\n                                        <\/div>\n                                    <\/div><!--\/post-item-->\n                                <\/div>\n                            <\/div><!--\/shortcode-blog-item-->\n\t\t\t\t\t\t\t                            \t<\/div><!--\/row-->\n                                <div class=\"row\">\n\t\t\t\t\t\t\t\t\t\t\t\t\t\t<div class=\"col-md-6 col-sm-6 col-xs-12 shortcode-blog-item\">\n                                <div class=\"content-pad\">\n                                    <div class=\"post-item row\">\n                                        <div class=\"col-md-6 col-sm-12\">\n                                            <div class=\"content-pad\">\n                                                <div class=\"item-thumbnail\">\n                                                    <a href=\"https:\/\/elearning.upt.ro\/en\/educatie\/noutati-educatie\/structura-anului-universitar-id-ifr-2026-2027\/\" title=\"Structura anului universitar ID\/IFR 2026\/2027\">\n\t\t\t\t\t\t\t\t\t\t\t\t\t\t                                                        <img decoding=\"async\" src=\"https:\/\/elearning.upt.ro\/wp-content\/uploads\/2019\/01\/CeL_small-2.png\" width=\"180\" height=\"180\" title=\"Structura anului universitar ID\/IFR 2026\/2027\" alt=\"Structura anului universitar ID\/IFR 2026\/2027\">\n                                                        \t\t\t\t\t\t\t\t\t\t\t\t\t\t\t\t<span class=\"thumbnail-overlay\">24\/03\/2026<\/span>\n\t\t\t\t\t\t\t\t\t\t\t\t\t\t                                                    <\/a>\n                                                <\/div>\n                                            <\/div>\n                                        <\/div>\n                                        <div class=\"col-md-6 col-sm-12\">\n                                            <div class=\"content-pad\">\n                                                <div class=\"item-content\">\n                                                    <h3 class=\"item-title\"><a href=\"https:\/\/elearning.upt.ro\/en\/educatie\/noutati-educatie\/structura-anului-universitar-id-ifr-2026-2027\/\" title=\"Structura anului universitar ID\/IFR 2026\/2027\" class=\"main-color-1-hover\">Structura anului universitar ID\/IFR 2026\/2027<\/a><\/h3>\n                                                                                                        <div class=\"shortcode-blog-excerpt\">SEMESTRUL I al anului universitar 2026\/2027 se desf\u0103\u0219oar\u0103 \u00een perioada 28.09.2026 \u2013 22.01.2027 \u015fi este valabil\npentru to\u0163i anii de studiu de la \u00eenv\u0103\u021b\u0103m\u00e2nt la distan\u021b\u0103 \u0219i cu frecven\u021b\u0103 redus\u0103.\nSEMESTRUL II al anului universitar 2026\/2027 se desf\u0103\u0219oar\u0103 \u00een perioada 01.03.2027 \u2013 11.07.2027.\nAfl\u0103 mai multe detalii aici!<\/div>\n                                                                                                        <div class=\"item-meta\">\n                                                    \t                                                        <a class=\"btn btn-default btn-lighter\" href=\"https:\/\/elearning.upt.ro\/en\/educatie\/noutati-educatie\/structura-anului-universitar-id-ifr-2026-2027\/\" title=\"Structura anului universitar ID\/IFR 2026\/2027\">Detail <i class=\"fa fa-angle-right\"><\/i><\/a>\n\t\t\t\t\t\t\t\t\t\t\t\t\t\t                                                                                                            <\/div>\n                                                <\/div>\n                                            <\/div>\n                                        <\/div>\n                                    <\/div><!--\/post-item-->\n                                <\/div>\n                            <\/div><!--\/shortcode-blog-item-->\n\t\t\t\t\t\t\t\t\t\t\t\t\t\t<div class=\"col-md-6 col-sm-6 col-xs-12 shortcode-blog-item\">\n                                <div class=\"content-pad\">\n                                    <div class=\"post-item row\">\n                                        <div class=\"col-md-6 col-sm-12\">\n                                            <div class=\"content-pad\">\n                                                <div class=\"item-thumbnail\">\n                                                    <a href=\"https:\/\/elearning.upt.ro\/en\/noutati\/phd-summer-school-2026-the-impact-of-artificial-intelligence-in-science-and-education\/\" title=\"E\u00b3UDRES\u00b2 PhD Summer School 2026 \u2013 The Impact of Artificial Intelligence in Science and Education\">\n\t\t\t\t\t\t\t\t\t\t\t\t\t\t                                                        <img loading=\"lazy\" decoding=\"async\" src=\"https:\/\/elearning.upt.ro\/wp-content\/uploads\/2026\/03\/PHD_Summer-School_2026_square-526x526.jpg\" width=\"526\" height=\"526\" title=\"E\u00b3UDRES\u00b2 PhD Summer School 2026 \u2013 The Impact of Artificial Intelligence in Science and Education\" alt=\"E\u00b3UDRES\u00b2 PhD Summer School 2026 \u2013 The Impact of Artificial Intelligence in Science and Education\">\n                                                        \t\t\t\t\t\t\t\t\t\t\t\t\t\t\t\t<span class=\"thumbnail-overlay\">19\/03\/2026<\/span>\n\t\t\t\t\t\t\t\t\t\t\t\t\t\t                                                    <\/a>\n                                                <\/div>\n                                            <\/div>\n                                        <\/div>\n                                        <div class=\"col-md-6 col-sm-12\">\n                                            <div class=\"content-pad\">\n                                                <div class=\"item-content\">\n                                                    <h3 class=\"item-title\"><a href=\"https:\/\/elearning.upt.ro\/en\/noutati\/phd-summer-school-2026-the-impact-of-artificial-intelligence-in-science-and-education\/\" title=\"E\u00b3UDRES\u00b2 PhD Summer School 2026 \u2013 The Impact of Artificial Intelligence in Science and Education\" class=\"main-color-1-hover\">E\u00b3UDRES\u00b2 PhD Summer School 2026 \u2013 The Impact of Artificial Intelligence in Science and Education<\/a><\/h3>\n                                                                                                        <div class=\"shortcode-blog-excerpt\">Find out more about the topics, program, accommodation, costs and period of the second edition of the PhD Summer School organized in Timisoara, Romania, by Politehnica University of Timisoara as part of the E3UDRES2 European Universities Alliance.\n<\/div>\n                                                                                                        <div class=\"item-meta\">\n                                                    \t                                                        <a class=\"btn btn-default btn-lighter\" href=\"https:\/\/elearning.upt.ro\/en\/noutati\/phd-summer-school-2026-the-impact-of-artificial-intelligence-in-science-and-education\/\" title=\"E\u00b3UDRES\u00b2 PhD Summer School 2026 \u2013 The Impact of Artificial Intelligence in Science and Education\">Detail <i class=\"fa fa-angle-right\"><\/i><\/a>\n\t\t\t\t\t\t\t\t\t\t\t\t\t\t                                                                                                            <\/div>\n                                                <\/div>\n                                            <\/div>\n                                        <\/div>\n                                    <\/div><!--\/post-item-->\n                                <\/div>\n                            <\/div><!--\/shortcode-blog-item-->\n\t\t\t\t\t\t\t                            \t<\/div><!--\/row-->\n                                <div class=\"row\">\n\t\t\t\t\t\t\t\t\t\t\t\t\t\t<div class=\"col-md-6 col-sm-6 col-xs-12 shortcode-blog-item\">\n                                <div class=\"content-pad\">\n                                    <div class=\"post-item row\">\n                                        <div class=\"col-md-6 col-sm-12\">\n                                            <div class=\"content-pad\">\n                                                <div class=\"item-thumbnail\">\n                                                    <a href=\"https:\/\/elearning.upt.ro\/en\/evenimente\/sute-de-participanti-la-workshop-open-education-science-practices-2026-upt\/\" title=\"Sute de participan\u021bi la Workshop Open Education &amp; Science Practices 2026 UPT\">\n\t\t\t\t\t\t\t\t\t\t\t\t\t\t                                                        <img loading=\"lazy\" decoding=\"async\" src=\"https:\/\/elearning.upt.ro\/wp-content\/uploads\/2026\/03\/general-deschidere-526x526.jpg\" width=\"526\" height=\"526\" title=\"Sute de participan\u021bi la Workshop Open Education &amp; Science Practices 2026 UPT\" alt=\"Sute de participan\u021bi la Workshop Open Education &amp; Science Practices 2026 UPT\">\n                                                        \t\t\t\t\t\t\t\t\t\t\t\t\t\t\t\t<span class=\"thumbnail-overlay\">09\/03\/2026<\/span>\n\t\t\t\t\t\t\t\t\t\t\t\t\t\t                                                    <\/a>\n                                                <\/div>\n                                            <\/div>\n                                        <\/div>\n                                        <div class=\"col-md-6 col-sm-12\">\n                                            <div class=\"content-pad\">\n                                                <div class=\"item-content\">\n                                                    <h3 class=\"item-title\"><a href=\"https:\/\/elearning.upt.ro\/en\/evenimente\/sute-de-participanti-la-workshop-open-education-science-practices-2026-upt\/\" title=\"Sute de participan\u021bi la Workshop Open Education &amp; Science Practices 2026 UPT\" class=\"main-color-1-hover\">Sute de participan\u021bi la Workshop Open Education &amp; Science Practices 2026 UPT<\/a><\/h3>\n                                                                                                        <div class=\"shortcode-blog-excerpt\">Tema principal\u0103: r\u0103spunsul sistemelor educa\u021bionale \u015fi de cercetare la provoc\u0103rile aduse de inteligen\u021b\u0103 artificial\u0103 generativ\u0103 (GenAI), realitatea virtual\u0103 \u015fi blockchain.\n<\/div>\n                                                                                                        <div class=\"item-meta\">\n                                                    \t                                                        <a class=\"btn btn-default btn-lighter\" href=\"https:\/\/elearning.upt.ro\/en\/evenimente\/sute-de-participanti-la-workshop-open-education-science-practices-2026-upt\/\" title=\"Sute de participan\u021bi la Workshop Open Education &amp; Science Practices 2026 UPT\">Detail <i class=\"fa fa-angle-right\"><\/i><\/a>\n\t\t\t\t\t\t\t\t\t\t\t\t\t\t                                                                                                            <\/div>\n                                                <\/div>\n                                            <\/div>\n                                        <\/div>\n                                    <\/div><!--\/post-item-->\n                                <\/div>\n                            <\/div><!--\/shortcode-blog-item-->\n\t\t\t\t\t\t\t\t\t\t\t\t\t\t<div class=\"col-md-6 col-sm-6 col-xs-12 shortcode-blog-item\">\n                                <div class=\"content-pad\">\n                                    <div class=\"post-item row\">\n                                        <div class=\"col-md-6 col-sm-12\">\n                                            <div class=\"content-pad\">\n                                                <div class=\"item-thumbnail\">\n                                                    <a href=\"https:\/\/elearning.upt.ro\/en\/conference\/ieee-democon-digital-education-and-moocs-international-conference-2026-la-upt-call-for-papers\/\" title=\"IEEE DEMOcon Digital Education and MOOCs International Conference\u00a02026 la UPT: Call for papers\">\n\t\t\t\t\t\t\t\t\t\t\t\t\t\t                                                        <img loading=\"lazy\" decoding=\"async\" src=\"https:\/\/elearning.upt.ro\/wp-content\/uploads\/2026\/02\/Democon-2026_Social-Media-01-526x526.jpg\" width=\"526\" height=\"526\" title=\"IEEE DEMOcon Digital Education and MOOCs International Conference\u00a02026 la UPT: Call for papers\" alt=\"IEEE DEMOcon Digital Education and MOOCs International Conference\u00a02026 la UPT: Call for papers\">\n                                                        \t\t\t\t\t\t\t\t\t\t\t\t\t\t\t\t<span class=\"thumbnail-overlay\">05\/02\/2026<\/span>\n\t\t\t\t\t\t\t\t\t\t\t\t\t\t                                                    <\/a>\n                                                <\/div>\n                                            <\/div>\n                                        <\/div>\n                                        <div class=\"col-md-6 col-sm-12\">\n                                            <div class=\"content-pad\">\n                                                <div class=\"item-content\">\n                                                    <h3 class=\"item-title\"><a href=\"https:\/\/elearning.upt.ro\/en\/conference\/ieee-democon-digital-education-and-moocs-international-conference-2026-la-upt-call-for-papers\/\" title=\"IEEE DEMOcon Digital Education and MOOCs International Conference\u00a02026 la UPT: Call for papers\" class=\"main-color-1-hover\">IEEE DEMOcon Digital Education and MOOCs International Conference\u00a02026 la UPT: Call for papers<\/a><\/h3>\n                                                                                                        <div class=\"shortcode-blog-excerpt\">Call for papers: cea de-a 12-a edi\u021bie a IEEE DEMOcon este g\u0103zduit\u0103, \u00een 2026, \u00een premier\u0103, de UPT, \u00een perioada 24 - 26 iunie 2026. <\/div>\n                                                                                                        <div class=\"item-meta\">\n                                                    \t                                                        <a class=\"btn btn-default btn-lighter\" href=\"https:\/\/elearning.upt.ro\/en\/conference\/ieee-democon-digital-education-and-moocs-international-conference-2026-la-upt-call-for-papers\/\" title=\"IEEE DEMOcon Digital Education and MOOCs International Conference\u00a02026 la UPT: Call for papers\">Detail <i class=\"fa fa-angle-right\"><\/i><\/a>\n\t\t\t\t\t\t\t\t\t\t\t\t\t\t                                                                                                            <\/div>\n                                                <\/div>\n                                            <\/div>\n                                        <\/div>\n                                    <\/div><!--\/post-item-->\n                                <\/div>\n                            <\/div><!--\/shortcode-blog-item-->\n\t\t\t\t\t\t\t                    <\/div><!--\/row-->\n                <\/div><!--\/section-body-->\n            <\/div>\n        <\/section><!--\/un-blog-listing-->\n\t[\/vc_column][\/vc_row]<\/p>\n","protected":false},"excerpt":{"rendered":"<p>[vc_row][vc_column width=&#8221;1\/1&#8243;][\/vc_column][\/vc_row]<\/p>\n","protected":false},"author":1,"featured_media":0,"parent":0,"menu_order":0,"comment_status":"open","ping_status":"open","template":"","meta":{"footnotes":""},"class_list":["post-810","page","type-page","status-publish","hentry"],"yoast_head":"<!-- This site is optimized with the Yoast SEO plugin v27.4 - https:\/\/yoast.com\/product\/yoast-seo-wordpress\/ -->\n<title>Post List Classic - Universitatea Politehnica Timi\u015foara Departamentul de ID\/IFR \u0219i Educa\u021bie Digital\u0103 \u2013 DeL<\/title>\n<meta name=\"robots\" content=\"index, follow, max-snippet:-1, max-image-preview:large, max-video-preview:-1\" \/>\n<link rel=\"canonical\" href=\"https:\/\/elearning.upt.ro\/en\/post-list-classic\/\" \/>\n<meta property=\"og:locale\" content=\"en_US\" \/>\n<meta property=\"og:type\" content=\"article\" \/>\n<meta property=\"og:title\" content=\"Post List Classic - Universitatea Politehnica Timi\u015foara Departamentul de ID\/IFR \u0219i Educa\u021bie Digital\u0103 \u2013 DeL\" \/>\n<meta property=\"og:description\" content=\"[vc_row][vc_column width=&#8221;1\/1&#8243;][\/vc_column][\/vc_row]\" \/>\n<meta property=\"og:url\" content=\"https:\/\/elearning.upt.ro\/en\/post-list-classic\/\" \/>\n<meta property=\"og:site_name\" content=\"Universitatea Politehnica Timi\u015foara Departamentul de ID\/IFR \u0219i Educa\u021bie Digital\u0103 \u2013 DeL\" \/>\n<meta property=\"article:publisher\" content=\"https:\/\/www.facebook.com\/CIDUPT\/?ref=page_internal\" \/>\n<meta name=\"twitter:card\" content=\"summary_large_image\" \/>\n<script type=\"application\/ld+json\" class=\"yoast-schema-graph\">{\"@context\":\"https:\\\/\\\/schema.org\",\"@graph\":[{\"@type\":\"WebPage\",\"@id\":\"https:\\\/\\\/elearning.upt.ro\\\/en\\\/post-list-classic\\\/\",\"url\":\"https:\\\/\\\/elearning.upt.ro\\\/en\\\/post-list-classic\\\/\",\"name\":\"Post List Classic - Universitatea Politehnica Timi\u015foara Departamentul de ID\\\/IFR \u0219i Educa\u021bie Digital\u0103 \u2013 DeL\",\"isPartOf\":{\"@id\":\"https:\\\/\\\/elearning.upt.ro\\\/ro\\\/#website\"},\"datePublished\":\"2014-07-15T09:54:17+00:00\",\"breadcrumb\":{\"@id\":\"https:\\\/\\\/elearning.upt.ro\\\/en\\\/post-list-classic\\\/#breadcrumb\"},\"inLanguage\":\"en-US\",\"potentialAction\":[{\"@type\":\"ReadAction\",\"target\":[\"https:\\\/\\\/elearning.upt.ro\\\/en\\\/post-list-classic\\\/\"]}]},{\"@type\":\"BreadcrumbList\",\"@id\":\"https:\\\/\\\/elearning.upt.ro\\\/en\\\/post-list-classic\\\/#breadcrumb\",\"itemListElement\":[{\"@type\":\"ListItem\",\"position\":1,\"name\":\"Home\",\"item\":\"https:\\\/\\\/elearning.upt.ro\\\/\"},{\"@type\":\"ListItem\",\"position\":2,\"name\":\"Post List Classic\"}]},{\"@type\":\"WebSite\",\"@id\":\"https:\\\/\\\/elearning.upt.ro\\\/ro\\\/#website\",\"url\":\"https:\\\/\\\/elearning.upt.ro\\\/ro\\\/\",\"name\":\"Universitatea Politehnica Timi\u015foara Departamentul de ID\\\/IFR \u0219i Educa\u021bie Digital\u0103 \u2013 DeL\",\"description\":\"\",\"potentialAction\":[{\"@type\":\"SearchAction\",\"target\":{\"@type\":\"EntryPoint\",\"urlTemplate\":\"https:\\\/\\\/elearning.upt.ro\\\/ro\\\/?s={search_term_string}\"},\"query-input\":{\"@type\":\"PropertyValueSpecification\",\"valueRequired\":true,\"valueName\":\"search_term_string\"}}],\"inLanguage\":\"en-US\"}]}<\/script>\n<!-- \/ Yoast SEO plugin. -->","yoast_head_json":{"title":"Post List Classic - Politehnica University Timi\u015foara Department of ID\/IFR and Digital Education \u2013 DeL","robots":{"index":"index","follow":"follow","max-snippet":"max-snippet:-1","max-image-preview":"max-image-preview:large","max-video-preview":"max-video-preview:-1"},"canonical":"https:\/\/elearning.upt.ro\/en\/post-list-classic\/","og_locale":"en_US","og_type":"article","og_title":"Post List Classic - Universitatea Politehnica Timi\u015foara Departamentul de ID\/IFR \u0219i Educa\u021bie Digital\u0103 \u2013 DeL","og_description":"[vc_row][vc_column width=&#8221;1\/1&#8243;][\/vc_column][\/vc_row]","og_url":"https:\/\/elearning.upt.ro\/en\/post-list-classic\/","og_site_name":"Universitatea Politehnica Timi\u015foara Departamentul de ID\/IFR \u0219i Educa\u021bie Digital\u0103 \u2013 DeL","article_publisher":"https:\/\/www.facebook.com\/CIDUPT\/?ref=page_internal","twitter_card":"summary_large_image","schema":{"@context":"https:\/\/schema.org","@graph":[{"@type":"WebPage","@id":"https:\/\/elearning.upt.ro\/en\/post-list-classic\/","url":"https:\/\/elearning.upt.ro\/en\/post-list-classic\/","name":"Post List Classic - Politehnica University Timi\u015foara Department of ID\/IFR and Digital Education \u2013 DeL","isPartOf":{"@id":"https:\/\/elearning.upt.ro\/ro\/#website"},"datePublished":"2014-07-15T09:54:17+00:00","breadcrumb":{"@id":"https:\/\/elearning.upt.ro\/en\/post-list-classic\/#breadcrumb"},"inLanguage":"en-US","potentialAction":[{"@type":"ReadAction","target":["https:\/\/elearning.upt.ro\/en\/post-list-classic\/"]}]},{"@type":"BreadcrumbList","@id":"https:\/\/elearning.upt.ro\/en\/post-list-classic\/#breadcrumb","itemListElement":[{"@type":"ListItem","position":1,"name":"Home","item":"https:\/\/elearning.upt.ro\/"},{"@type":"ListItem","position":2,"name":"Post List Classic"}]},{"@type":"WebSite","@id":"https:\/\/elearning.upt.ro\/ro\/#website","url":"https:\/\/elearning.upt.ro\/ro\/","name":"Politehnica University Timi\u015foara Department of ID\/IFR and Digital Education \u2013 DeL","description":"","potentialAction":[{"@type":"SearchAction","target":{"@type":"EntryPoint","urlTemplate":"https:\/\/elearning.upt.ro\/ro\/?s={search_term_string}"},"query-input":{"@type":"PropertyValueSpecification","valueRequired":true,"valueName":"search_term_string"}}],"inLanguage":"en-US"}]}},"_links":{"self":[{"href":"https:\/\/elearning.upt.ro\/en\/wp-json\/wp\/v2\/pages\/810","targetHints":{"allow":["GET"]}}],"collection":[{"href":"https:\/\/elearning.upt.ro\/en\/wp-json\/wp\/v2\/pages"}],"about":[{"href":"https:\/\/elearning.upt.ro\/en\/wp-json\/wp\/v2\/types\/page"}],"author":[{"embeddable":true,"href":"https:\/\/elearning.upt.ro\/en\/wp-json\/wp\/v2\/users\/1"}],"replies":[{"embeddable":true,"href":"https:\/\/elearning.upt.ro\/en\/wp-json\/wp\/v2\/comments?post=810"}],"version-history":[{"count":0,"href":"https:\/\/elearning.upt.ro\/en\/wp-json\/wp\/v2\/pages\/810\/revisions"}],"wp:attachment":[{"href":"https:\/\/elearning.upt.ro\/en\/wp-json\/wp\/v2\/media?parent=810"}],"curies":[{"name":"wp","href":"https:\/\/api.w.org\/{rel}","templated":true}]}}