{"id":1029,"date":"2014-07-18T09:21:52","date_gmt":"2014-07-18T09:21:52","guid":{"rendered":"http:\/\/university.cactusthemes.com\/?page_id=1029"},"modified":"2014-07-18T09:21:52","modified_gmt":"2014-07-18T09:21:52","slug":"university-event-grid","status":"publish","type":"page","link":"https:\/\/elearning.upt.ro\/en\/university-event-grid\/","title":{"rendered":"University - Event Grid"},"content":{"rendered":"<p>[vc_row css=&#8221;.vc_custom_1421037422812{padding-top: 100px !important;padding-bottom: 100px !important;background-image: url(http:\/\/university.cactusthemes.com\/wp-content\/uploads\/2014\/07\/051.jpg?id=1130) !important;background-position: center !important;background-repeat: no-repeat !important;background-size: cover !important;}&#8221; u_row_style=&#8221;0&#8243; u_row_paralax=&#8221;1&#8243; u_row_scheme=&#8221;1&#8243;][vc_column width=&#8221;1\/1&#8243;]        <div class=\"event-listing un-grid-listing un-post-grid un-post-grid-5702 \" data-delay=0>\n            <div class=\"grid-listing-wrap\">\n                <div class=\"grid-listing \">\n                \t                    <div class=\"grid-item grid-header\">\n                        <div class=\"grid-item-inner main-color-1-bg dark-div\"  >\n                            <div class=\"grid-item-content event-item\">\n                                <h1>Next Events<\/h1>                                <p>Create event and sell ticket using WooCommerce<\/p>                                                                <a class=\"btn btn-default\" href=\"#\">View All Events <i class=\"fa fa-angle-right\"><\/i><\/a>\n                                                            <\/div>\n                        <\/div>\n                    <\/div>\n                                                                <div class=\"grid-item grid-post-id-30715\">\n                            <div class=\"grid-item-inner\">\n                                <div class=\"grid-item-content event-item dark-div\">\n                                    <div class=\"event-thumbnail\">\n                                        <a href=\"https:\/\/elearning.upt.ro\/en\/event\/e%c2%b3udres%c2%b2-phd-summer-school-2026-the-impact-of-artificial-intelligence-in-science-and-education\/\" title=\"E\u00b3UDRES\u00b2 PhD Summer School 2026 &#8211; The Impact of Artificial Intelligence in Science and Education\"  >\n                                                                                        <img fetchpriority=\"high\" decoding=\"async\" src=\"https:\/\/elearning.upt.ro\/wp-content\/uploads\/2026\/03\/PHD_Summer-School_2026_square-1-554x674.jpg\" width=\"554\" height=\"674\" title=\"E\u00b3UDRES\u00b2 PhD Summer School 2026 &#8211; The Impact of Artificial Intelligence in Science and Education\" alt=\"E\u00b3UDRES\u00b2 PhD Summer School 2026 &#8211; The Impact of Artificial Intelligence in Science and Education\">\n                                        <\/a>\n                                    <\/div>\n                                                                            <div class=\"date-block \">\n                                        \t                                                                                        <div class=\"month\">May<\/div>\n                                            <div class=\"day\">25<\/div>                                        <\/div>\n                                                                            <div class=\"event-overlay\">\n                                        <a class=\"overlay-top\" href=\"https:\/\/elearning.upt.ro\/en\/event\/e%c2%b3udres%c2%b2-phd-summer-school-2026-the-impact-of-artificial-intelligence-in-science-and-education\/\" title=\"E\u00b3UDRES\u00b2 PhD Summer School 2026 &#8211; The Impact of Artificial Intelligence in Science and Education\">\n                                            <h4>E\u00b3UDRES\u00b2 PhD Summer School 2026 &#8211; The Impact of Artificial Intelligence in Science and Education<\/h4>\n                                                                                        <span class=\"price yellow\">\n\t\t\t\t\t\t\t\t\t\t\tFree<\/span>\n                                                                                    <\/a>\n                                        <div class=\"overlay-bottom\">\n                                        \t\t\t\t\t\t\t\t\t\t\t\t\t                                                \t\t\t<div>At 09:00<\/div>\n                                                                                                                                                                                                                                                            <div>K1 Amphitheater, UPT Conference Center<\/div>\n                                                                                                                                        \n\t\t\t\t\t\t\t\t\t\t\t                                            \n                                        <\/div>\n                                    <\/div>\n                                <\/div><!--\/event-item-->\n                            <\/div>\n                                                    <\/div><!--\/grid-item-->\n                                                <div class=\"grid-item grid-post-id-30413\">\n                            <div class=\"grid-item-inner\">\n                                <div class=\"grid-item-content event-item dark-div\">\n                                    <div class=\"event-thumbnail\">\n                                        <a href=\"https:\/\/elearning.upt.ro\/en\/event\/workshop-open-education-science-practices-2026\/\" title=\"Workshop Open Education &#038; Science Practices 2026\"  >\n                                                                                        <img decoding=\"async\" src=\"https:\/\/elearning.upt.ro\/wp-content\/uploads\/2026\/02\/OEW-2025_post-554x674.jpg\" width=\"554\" height=\"674\" title=\"Workshop Open Education &#038; Science Practices 2026\" alt=\"Workshop Open Education &#038; Science Practices 2026\">\n                                        <\/a>\n                                    <\/div>\n                                                                            <div class=\"date-block \">\n                                        \t                                                                                        <div class=\"month\">Mar<\/div>\n                                            <div class=\"day\">06<\/div>                                        <\/div>\n                                                                            <div class=\"event-overlay\">\n                                        <a class=\"overlay-top\" href=\"https:\/\/elearning.upt.ro\/en\/event\/workshop-open-education-science-practices-2026\/\" title=\"Workshop Open Education &#038; Science Practices 2026\">\n                                            <h4>Workshop Open Education &#038; Science Practices 2026<\/h4>\n                                                                                        <span class=\"price yellow\">\n\t\t\t\t\t\t\t\t\t\t\tFree<\/span>\n                                                                                    <\/a>\n                                        <div class=\"overlay-bottom\">\n                                        \t\t\t\t\t\t\t\t\t\t\t\t\t                                                \t\t\t<div>At 10:00<\/div>\n                                                                                                                                                                                                                                                            <div>Centrul de Conferin\u021be UPT: Timi\u0219oara, Bd. Vasile P\u00e2rvan nr. 2 B<\/div>\n                                                                                                                                        \n\t\t\t\t\t\t\t\t\t\t\t                                            \n                                        <\/div>\n                                    <\/div>\n                                <\/div><!--\/event-item-->\n                            <\/div>\n                                                    <\/div><!--\/grid-item-->\n                                                <div class=\"grid-item grid-post-id-29493\">\n                            <div class=\"grid-item-inner\">\n                                <div class=\"grid-item-content event-item dark-div\">\n                                    <div class=\"event-thumbnail\">\n                                        <a href=\"https:\/\/elearning.upt.ro\/en\/event\/workshop-competente-digitale-2025-dezvoltarea-competentelor-digitale-pentru-rezilienta\/\" title=\"Workshop interna\u021bional competen\u021be digitale 2025: Dezvoltarea competen\u021belor digitale pentru rezilien\u021b\u0103\"  >\n                                                                                        <img decoding=\"async\" src=\"https:\/\/elearning.upt.ro\/wp-content\/uploads\/2025\/11\/Digital-Skills-2025_web_post-554x674.jpg\" width=\"554\" height=\"674\" title=\"Workshop interna\u021bional competen\u021be digitale 2025: Dezvoltarea competen\u021belor digitale pentru rezilien\u021b\u0103\" alt=\"Workshop interna\u021bional competen\u021be digitale 2025: Dezvoltarea competen\u021belor digitale pentru rezilien\u021b\u0103\">\n                                        <\/a>\n                                    <\/div>\n                                                                            <div class=\"date-block \">\n                                        \t                                                                                        <div class=\"month\">Dec<\/div>\n                                            <div class=\"day\">12<\/div>                                        <\/div>\n                                                                            <div class=\"event-overlay\">\n                                        <a class=\"overlay-top\" href=\"https:\/\/elearning.upt.ro\/en\/event\/workshop-competente-digitale-2025-dezvoltarea-competentelor-digitale-pentru-rezilienta\/\" title=\"Workshop interna\u021bional competen\u021be digitale 2025: Dezvoltarea competen\u021belor digitale pentru rezilien\u021b\u0103\">\n                                            <h4>Workshop interna\u021bional competen\u021be digitale 2025: Dezvoltarea competen\u021belor digitale pentru rezilien\u021b\u0103<\/h4>\n                                                                                        <span class=\"price yellow\">\n\t\t\t\t\t\t\t\t\t\t\tFree<\/span>\n                                                                                    <\/a>\n                                        <div class=\"overlay-bottom\">\n                                        \t\t\t\t\t\t\t\t\t\t\t\t\t                                                \t\t\t<div>At 10:00<\/div>\n                                                                                                                                                                                                                                                            <div>Amfiteatrul K1, Centrul de Conferin\u021be UPT<\/div>\n                                                                                                                                        \n\t\t\t\t\t\t\t\t\t\t\t                                            \n                                        <\/div>\n                                    <\/div>\n                                <\/div><!--\/event-item-->\n                            <\/div>\n                                                    <\/div><!--\/grid-item-->\n                                                <div class=\"grid-item grid-post-id-28457\">\n                            <div class=\"grid-item-inner\">\n                                <div class=\"grid-item-content event-item dark-div\">\n                                    <div class=\"event-thumbnail\">\n                                        <a href=\"https:\/\/elearning.upt.ro\/en\/event\/e%c2%b3udres%c2%b2-ent-r-e-novators-phd-summer-school-2025\/\" title=\"E\u00b3UDRES\u00b2 \u2013 Ent-r-e-novators PhD Summer School 2025 \u2013 Open Practices in Higher Education\"  >\n                                                                                        <img loading=\"lazy\" decoding=\"async\" src=\"https:\/\/elearning.upt.ro\/wp-content\/uploads\/2025\/05\/PHD_Summer-School_2024_Post_1080x1080-554x674.jpg\" width=\"554\" height=\"674\" title=\"E\u00b3UDRES\u00b2 \u2013 Ent-r-e-novators PhD Summer School 2025 \u2013 Open Practices in Higher Education\" alt=\"E\u00b3UDRES\u00b2 \u2013 Ent-r-e-novators PhD Summer School 2025 \u2013 Open Practices in Higher Education\">\n                                        <\/a>\n                                    <\/div>\n                                                                            <div class=\"date-block \">\n                                        \t                                                                                        <div class=\"month\">Jun<\/div>\n                                            <div class=\"day\">02<\/div>                                        <\/div>\n                                                                            <div class=\"event-overlay\">\n                                        <a class=\"overlay-top\" href=\"https:\/\/elearning.upt.ro\/en\/event\/e%c2%b3udres%c2%b2-ent-r-e-novators-phd-summer-school-2025\/\" title=\"E\u00b3UDRES\u00b2 \u2013 Ent-r-e-novators PhD Summer School 2025 \u2013 Open Practices in Higher Education\">\n                                            <h4>E\u00b3UDRES\u00b2 \u2013 Ent-r-e-novators PhD Summer School 2025 \u2013 Open Practices in Higher Education<\/h4>\n                                                                                        <span class=\"price yellow\">\n\t\t\t\t\t\t\t\t\t\t\tFree<\/span>\n                                                                                    <\/a>\n                                        <div class=\"overlay-bottom\">\n                                        \t\t\t\t\t\t\t\t\t\t\t\t\t                                                \t\t\t<div>At 09:00<\/div>\n                                                                                                                                                                                                                                                            <div>K1 Amphitheater, UPT Conference Center<\/div>\n                                                                                                                                        \n\t\t\t\t\t\t\t\t\t\t\t                                            \n                                        <\/div>\n                                    <\/div>\n                                <\/div><!--\/event-item-->\n                            <\/div>\n                                                    <\/div><!--\/grid-item-->\n                                                <div class=\"grid-item grid-post-id-27869\">\n                            <div class=\"grid-item-inner\">\n                                <div class=\"grid-item-content event-item dark-div\">\n                                    <div class=\"event-thumbnail\">\n                                        <a href=\"https:\/\/elearning.upt.ro\/en\/event\/workshop-open-education-science-practices-2025\/\" title=\"Workshop Open Education &#038; Science Practices 2025\"  >\n                                                                                        <img loading=\"lazy\" decoding=\"async\" src=\"https:\/\/elearning.upt.ro\/wp-content\/uploads\/2025\/02\/OEW-2025_post-554x674.jpg\" width=\"554\" height=\"674\" title=\"Workshop Open Education &#038; Science Practices 2025\" alt=\"Workshop Open Education &#038; Science Practices 2025\">\n                                        <\/a>\n                                    <\/div>\n                                                                            <div class=\"date-block \">\n                                        \t                                                                                        <div class=\"month\">Mar<\/div>\n                                            <div class=\"day\">13<\/div>                                        <\/div>\n                                                                            <div class=\"event-overlay\">\n                                        <a class=\"overlay-top\" href=\"https:\/\/elearning.upt.ro\/en\/event\/workshop-open-education-science-practices-2025\/\" title=\"Workshop Open Education &#038; Science Practices 2025\">\n                                            <h4>Workshop Open Education &#038; Science Practices 2025<\/h4>\n                                                                                        <span class=\"price yellow\">\n\t\t\t\t\t\t\t\t\t\t\tFree<\/span>\n                                                                                    <\/a>\n                                        <div class=\"overlay-bottom\">\n                                        \t\t\t\t\t\t\t\t\t\t\t\t\t                                                \t\t\t<div>At 11:00<\/div>\n                                                                                                                                                                                                                                                            <div>Amfiteatrul K1, Centrul de Conferin\u021be UPT<\/div>\n                                                                                                                                        \n\t\t\t\t\t\t\t\t\t\t\t                                            \n                                        <\/div>\n                                    <\/div>\n                                <\/div><!--\/event-item-->\n                            <\/div>\n                                                    <\/div><!--\/grid-item-->\n                                                <div class=\"grid-item grid-post-id-27456\">\n                            <div class=\"grid-item-inner\">\n                                <div class=\"grid-item-content event-item dark-div\">\n                                    <div class=\"event-thumbnail\">\n                                        <a href=\"https:\/\/elearning.upt.ro\/en\/event\/workshop-competente-digitale-in-inteligenta-artificiala-si-comunitate-digiskills-2024\/\" title=\"Workshop competente digitale \u00een inteligen\u021b\u0103 artificial\u0103 \u0219i comunitate \u2013 DigiSkills 2024\"  >\n                                                                                        <img loading=\"lazy\" decoding=\"async\" src=\"https:\/\/elearning.upt.ro\/wp-content\/uploads\/2024\/11\/Digiskills_2024_post-554x674.jpg\" width=\"554\" height=\"674\" title=\"Workshop competente digitale \u00een inteligen\u021b\u0103 artificial\u0103 \u0219i comunitate \u2013 DigiSkills 2024\" alt=\"Workshop competente digitale \u00een inteligen\u021b\u0103 artificial\u0103 \u0219i comunitate \u2013 DigiSkills 2024\">\n                                        <\/a>\n                                    <\/div>\n                                                                            <div class=\"date-block \">\n                                        \t                                                                                        <div class=\"month\">Nov<\/div>\n                                            <div class=\"day\">22<\/div>                                        <\/div>\n                                                                            <div class=\"event-overlay\">\n                                        <a class=\"overlay-top\" href=\"https:\/\/elearning.upt.ro\/en\/event\/workshop-competente-digitale-in-inteligenta-artificiala-si-comunitate-digiskills-2024\/\" title=\"Workshop competente digitale \u00een inteligen\u021b\u0103 artificial\u0103 \u0219i comunitate \u2013 DigiSkills 2024\">\n                                            <h4>Workshop competente digitale \u00een inteligen\u021b\u0103 artificial\u0103 \u0219i comunitate \u2013 DigiSkills 2024<\/h4>\n                                                                                        <span class=\"price yellow\">\n\t\t\t\t\t\t\t\t\t\t\tFree<\/span>\n                                                                                    <\/a>\n                                        <div class=\"overlay-bottom\">\n                                        \t\t\t\t\t\t\t\t\t\t\t\t\t                                                \t\t\t<div>At 12:00<\/div>\n                                                                                                                                                                                                                                                            <div>Sala C410 Departamentul de ID\/IFR \u0219i Educa\u021bie digital\u0103, Bd. Vasile P\u00e2rvan nr 2B, cl\u0103direa Bibliotecii, et. IV (intrarea lateral\u0103 dinspre cl\u0103direa Electro)<\/div>\n                                                                                                                                        \n\t\t\t\t\t\t\t\t\t\t\t                                            \n                                        <\/div>\n                                    <\/div>\n                                <\/div><!--\/event-item-->\n                            <\/div>\n                                                    <\/div><!--\/grid-item-->\n                                                <div class=\"grid-item grid-post-id-25918\">\n                            <div class=\"grid-item-inner\">\n                                <div class=\"grid-item-content event-item dark-div\">\n                                    <div class=\"event-thumbnail\">\n                                        <a href=\"https:\/\/elearning.upt.ro\/en\/event\/open-education-week-workshop-2024\/\" title=\"Open Education Week Workshop 2024\"  >\n                                                                                        <img loading=\"lazy\" decoding=\"async\" src=\"https:\/\/elearning.upt.ro\/wp-content\/uploads\/2024\/03\/OEW_2024_Post-554x674.jpg\" width=\"554\" height=\"674\" title=\"Open Education Week Workshop 2024\" alt=\"Open Education Week Workshop 2024\">\n                                        <\/a>\n                                    <\/div>\n                                                                            <div class=\"date-block \">\n                                        \t                                                                                        <div class=\"month\">Mar<\/div>\n                                            <div class=\"day\">08<\/div>                                        <\/div>\n                                                                            <div class=\"event-overlay\">\n                                        <a class=\"overlay-top\" href=\"https:\/\/elearning.upt.ro\/en\/event\/open-education-week-workshop-2024\/\" title=\"Open Education Week Workshop 2024\">\n                                            <h4>Open Education Week Workshop 2024<\/h4>\n                                                                                        <span class=\"price yellow\">\n\t\t\t\t\t\t\t\t\t\t\tFree<\/span>\n                                                                                    <\/a>\n                                        <div class=\"overlay-bottom\">\n                                        \t\t\t\t\t\t\t\t\t\t\t\t\t                                                \t\t\t<div>At 11:00<\/div>\n                                                                                                                                                                                                                                                            <div>Centrul de Conferin\u021be al Universit\u0103\u021bii Politehnica Timi\u0219oara \u0219i online<\/div>\n                                                                                                                                        \n\t\t\t\t\t\t\t\t\t\t\t                                            \n                                        <\/div>\n                                    <\/div>\n                                <\/div><!--\/event-item-->\n                            <\/div>\n                                                    <\/div><!--\/grid-item-->\n                                        <\/div>\n            <\/div>\n        <\/div><!--\/un-grid-listing-->\n        \t[\/vc_column][\/vc_row][vc_row css=&#8221;.vc_custom_1405671535788{padding-top: 40px !important;padding-bottom: 20px !important;background-color: #ffffff !important;}&#8221; u_row_style=&#8221;0&#8243; u_row_scheme=&#8221;0&#8243; u_row_paralax=&#8221;0&#8243;][vc_column width=&#8221;1\/4&#8243;]    \t<div id=\"un-icon-box-1\" class=\"media un-icon-box light \" data-delay=0>\n            <div class=\"text-center\">\n            \t                <div class=\"un-icon\">\n                \t<i class=\"fa fa-cube\"><\/i>\n                <\/div>\n                            <\/div>\n            <div class=\"media-body text-center\">\n                <h4 class=\"media-heading\">Create Event Easily<\/h4><p>Create events easily with U-event custom post quis nostrum exercitationem ullam corporis<\/p>            <\/div>\n        <\/div>\n\t\t\t<style scoped=\"scoped\">\n        #un-icon-box-1 .un-icon{ background: #179bd7}#un-icon-box-1 .un-icon:hover{ background: #222222}#un-icon-box-1 .media-heading{ color: #222222}#un-icon-box-1 .media-body p{ color: #444444}        <\/style>\n    [\/vc_column][vc_column width=&#8221;1\/4&#8243;]    \t<div id=\"un-icon-box-2\" class=\"media un-icon-box light \" data-delay=0>\n            <div class=\"text-center\">\n            \t                <div class=\"un-icon\">\n                \t<i class=\"fa fa-shopping-cart\"><\/i>\n                <\/div>\n                            <\/div>\n            <div class=\"media-body text-center\">\n                <h4 class=\"media-heading\">Sell Event Ticket<\/h4><p>You can sell tickets to your event using Woocommerce, it is so easy and so convenient<\/p>            <\/div>\n        <\/div>\n\t\t\t<style scoped=\"scoped\">\n        #un-icon-box-2 .un-icon{ background: #179bd7}#un-icon-box-2 .un-icon:hover{ background: #222222}#un-icon-box-2 .media-heading{ color: #222222}#un-icon-box-2 .media-body p{ color: #444444}        <\/style>\n    [\/vc_column][vc_column width=&#8221;1\/4&#8243;]    \t<div id=\"un-icon-box-3\" class=\"media un-icon-box light \" data-delay=0>\n            <div class=\"text-center\">\n            \t                <div class=\"un-icon\">\n                \t<i class=\"fa fa-graduation-cap\"><\/i>\n                <\/div>\n                            <\/div>\n            <div class=\"media-body text-center\">\n                <h4 class=\"media-heading\">Create Courses<\/h4><p>Use U-course custom post to create and manage courses for your education business<\/p>            <\/div>\n        <\/div>\n\t\t\t<style scoped=\"scoped\">\n        #un-icon-box-3 .un-icon{ background: #179bd7}#un-icon-box-3 .un-icon:hover{ background: #222222}#un-icon-box-3 .media-heading{ color: #222222}#un-icon-box-3 .media-body p{ color: #444444}        <\/style>\n    [\/vc_column][vc_column width=&#8221;1\/4&#8243;]    \t<div id=\"un-icon-box-4\" class=\"media un-icon-box light \" data-delay=0>\n            <div class=\"text-center\">\n            \t                <div class=\"un-icon\">\n                \t<i class=\"fa fa-star\"><\/i>\n                <\/div>\n                            <\/div>\n            <div class=\"media-body text-center\">\n                <h4 class=\"media-heading\">Great Support<\/h4><p>We provide support via Ticksy system &#8211; Please do not hesitate to request support from us<\/p>            <\/div>\n        <\/div>\n\t\t\t<style scoped=\"scoped\">\n        #un-icon-box-4 .un-icon{ background: #179bd7}#un-icon-box-4 .un-icon:hover{ background: #222222}#un-icon-box-4 .media-heading{ color: #222222}#un-icon-box-4 .media-body p{ color: #444444}        <\/style>\n    [\/vc_column][\/vc_row][vc_row css=&#8221;.vc_custom_1407408629749{padding-top: 100px !important;padding-bottom: 60px !important;background-color: #d6d8d8 !important;background-position: center !important;background-repeat: no-repeat !important;background-size: cover !important;}&#8221; u_row_style=&#8221;0&#8243; u_row_scheme=&#8221;0&#8243; u_row_paralax=&#8221;1&#8243;][vc_column width=&#8221;1\/2&#8243;][vc_single_image image=&#8221;2636&#8243; css_animation=&#8221;left-to-right&#8221; alignment=&#8221;center&#8221; border_color=&#8221;grey&#8221; img_link_target=&#8221;_self&#8221; img_size=&#8221;550&#215;391&#8243; img_link_large=&#8221;&#8221;][\/vc_column][vc_column width=&#8221;1\/2&#8243;][vc_column_text css_animation=&#8221;right-to-left&#8221;]<\/p>\n<h1>Start Your Education Website With University<\/h1>\n<p>[\/vc_column_text][vc_column_text css_animation=&#8221;right-to-left&#8221;]<\/p>\n<p style=\"text-align: left;\">orem ipsum dolor sit amet, consectetur adipisicing elit, sed do eiusmod tempor incididunt ut labore et dolore magna aliqua. Ut enim ad minim veniam, quis nostrud exercitation ullamco laboris nisi ut aliquip ex ea commodo consequat.<\/p>\n<p>[\/vc_column_text][vc_column_text css_animation=&#8221;right-to-left&#8221;]<\/p>\n<p style=\"text-align: left;\">    \t<a class=\"btn button-button_19 btn-primary btn-lg \" href=\"#1\" data-delay=0 >\n        BUY THIS THEME        <\/a>\n        <\/p>\n<p>[\/vc_column_text][\/vc_column][\/vc_row][vc_row css=&#8221;.vc_custom_1405672977211{padding-bottom: 20px !important;}&#8221; u_row_style=&#8221;0&#8243; u_row_paralax=&#8221;0&#8243; u_row_scheme=&#8221;0&#8243;][vc_column width=&#8221;1\/1&#8243;]    \t<section class=\"un-post-listing shortcode-blog-4492 \" data-delay=0>\n            <div class=\"section-inner\">\n                <div class=\"section-header\">\n                    <h1 class=\"pull-left main-color-2\">Blog<\/h1>                                        <a class=\"btn btn-default btn-lighter pull-right\" href=\"#2\">VISIT BLOG <i class=\"fa fa-angle-right\"><\/i><\/a>\n                                        <div class=\"clearfix\"><\/div>\n                <\/div><!--\/section-header-->\n                <div class=\"section-body\">\n                \t<div class=\"row\">\n                \t\t\t\t\t\t\t\t<div class=\"col-md-6 col-sm-6 col-xs-12 shortcode-blog-item\">\n                                <div class=\"content-pad\">\n                                    <div class=\"post-item row\">\n                                        <div class=\"col-md-6 col-sm-12\">\n                                            <div class=\"content-pad\">\n                                                <div class=\"item-thumbnail\">\n                                                    <a href=\"https:\/\/elearning.upt.ro\/en\/comunitate\/democon-summer-school-phd-master-educators-researchers\/\" title=\"DEMOcon Summer School (PhD\/Master\/educators\/researchers)\">\n\t\t\t\t\t\t\t\t\t\t\t\t\t\t                                                        <img loading=\"lazy\" decoding=\"async\" src=\"https:\/\/elearning.upt.ro\/wp-content\/uploads\/2026\/04\/Democon-2026_Summer-School-01-526x526.jpg\" width=\"526\" height=\"526\" title=\"DEMOcon Summer School (PhD\/Master\/educators\/researchers)\" alt=\"DEMOcon Summer School (PhD\/Master\/educators\/researchers)\">\n                                                        \t\t\t\t\t\t\t\t\t\t\t\t\t\t\t\t<span class=\"thumbnail-overlay\">08\/04\/2026<\/span>\n\t\t\t\t\t\t\t\t\t\t\t\t\t\t                                                    <\/a>\n                                                <\/div>\n                                            <\/div>\n                                        <\/div>\n                                        <div class=\"col-md-6 col-sm-12\">\n                                            <div class=\"content-pad\">\n                                                <div class=\"item-content\">\n                                                    <h3 class=\"item-title\"><a href=\"https:\/\/elearning.upt.ro\/en\/comunitate\/democon-summer-school-phd-master-educators-researchers\/\" title=\"DEMOcon Summer School (PhD\/Master\/educators\/researchers)\" class=\"main-color-1-hover\">DEMOcon Summer School (PhD\/Master\/educators\/researchers)<\/a><\/h3>\n                                                                                                        <div class=\"shortcode-blog-excerpt\">21\u201324 iunie 2026, Timi\u0219oara, Rom\u00e2nia\n\nOrganizat \u00een colaborare cu IEEE Education Society, EMOOCs \u0219i Universitatea Politehnica din Timi\u0219oara, Rom\u00e2nia\n\u0218i \u00een paralel cu Conferin\u021ba interna\u021bional\u0103 IEEE DEMOcon 2026 privind educa\u021bia digital\u0103 \u0219i cursurile MOOC (24\u201326 iunie 2026)<\/div>\n                                                                                                        <div class=\"item-meta\">\n                                                    \t                                                        <a class=\"btn btn-default btn-lighter\" href=\"https:\/\/elearning.upt.ro\/en\/comunitate\/democon-summer-school-phd-master-educators-researchers\/\" title=\"DEMOcon Summer School (PhD\/Master\/educators\/researchers)\">DETAILS <i class=\"fa fa-angle-right\"><\/i><\/a>\n\t\t\t\t\t\t\t\t\t\t\t\t\t\t                                                                                                            <\/div>\n                                                <\/div>\n                                            <\/div>\n                                        <\/div>\n                                    <\/div><!--\/post-item-->\n                                <\/div>\n                            <\/div><!--\/shortcode-blog-item-->\n\t\t\t\t\t\t\t\t\t\t\t\t\t\t<div class=\"col-md-6 col-sm-6 col-xs-12 shortcode-blog-item\">\n                                <div class=\"content-pad\">\n                                    <div class=\"post-item row\">\n                                        <div class=\"col-md-6 col-sm-12\">\n                                            <div class=\"content-pad\">\n                                                <div class=\"item-thumbnail\">\n                                                    <a href=\"https:\/\/elearning.upt.ro\/en\/proiecte\/al-treilea-numar-al-ezines-accelerate-future-hei-a-fost-publicat\/\" title=\"Al treilea num\u0103r al Ezines &#8211; Accelerate Future HEI a fost publicat\">\n\t\t\t\t\t\t\t\t\t\t\t\t\t\t                                                        <img loading=\"lazy\" decoding=\"async\" src=\"https:\/\/elearning.upt.ro\/wp-content\/uploads\/2024\/03\/Logo-Accelerate-526x526.jpg\" width=\"526\" height=\"526\" title=\"Al treilea num\u0103r al Ezines &#8211; Accelerate Future HEI a fost publicat\" alt=\"Al treilea num\u0103r al Ezines &#8211; Accelerate Future HEI a fost publicat\">\n                                                        \t\t\t\t\t\t\t\t\t\t\t\t\t\t\t\t<span class=\"thumbnail-overlay\">31\/03\/2026<\/span>\n\t\t\t\t\t\t\t\t\t\t\t\t\t\t                                                    <\/a>\n                                                <\/div>\n                                            <\/div>\n                                        <\/div>\n                                        <div class=\"col-md-6 col-sm-12\">\n                                            <div class=\"content-pad\">\n                                                <div class=\"item-content\">\n                                                    <h3 class=\"item-title\"><a href=\"https:\/\/elearning.upt.ro\/en\/proiecte\/al-treilea-numar-al-ezines-accelerate-future-hei-a-fost-publicat\/\" title=\"Al treilea num\u0103r al Ezines &#8211; Accelerate Future HEI a fost publicat\" class=\"main-color-1-hover\">Al treilea num\u0103r al Ezines &#8211; Accelerate Future HEI a fost publicat<\/a><\/h3>\n                                                                                                        <div class=\"shortcode-blog-excerpt\">Cel de-al treilea num\u0103r al revistei electronice Accelerate Future HEI este acum disponibil. Edi\u021bia prezint\u0103 rezultate concrete ale transform\u0103rii institu\u021bionale \u00een \u00eenv\u0103\u021b\u0103m\u00e2ntul superior european, cu accent pe planificare strategic\u0103, mentorat \u0219i politici comune la nivelul Spa\u021biului European de Cercetare.<\/div>\n                                                                                                        <div class=\"item-meta\">\n                                                    \t                                                        <a class=\"btn btn-default btn-lighter\" href=\"https:\/\/elearning.upt.ro\/en\/proiecte\/al-treilea-numar-al-ezines-accelerate-future-hei-a-fost-publicat\/\" title=\"Al treilea num\u0103r al Ezines &#8211; Accelerate Future HEI a fost publicat\">DETAILS <i class=\"fa fa-angle-right\"><\/i><\/a>\n\t\t\t\t\t\t\t\t\t\t\t\t\t\t                                                                                                            <\/div>\n                                                <\/div>\n                                            <\/div>\n                                        <\/div>\n                                    <\/div><!--\/post-item-->\n                                <\/div>\n                            <\/div><!--\/shortcode-blog-item-->\n\t\t\t\t\t\t\t                    <\/div><!--\/row-->\n                <\/div><!--\/section-body-->\n            <\/div>\n        <\/section><!--\/un-blog-listing-->\n\t[\/vc_column][\/vc_row][vc_row css=&#8221;.vc_custom_1406011464985{margin-bottom: 0px !important;background-color: #eaeaea !important;}&#8221; u_row_style=&#8221;0&#8243; u_row_paralax=&#8221;0&#8243; u_row_scheme=&#8221;0&#8243;][vc_column width=&#8221;1\/1&#8243;]\t\t<section class=\"testimonials testimonials-4423 \" data-delay=0>\n        \t<div class=\"section-inner\">\n                <div class=\"testimonial-carousel owl-carousel is-carousel single-carousel\" data-autoplay=5000 >\n                    \t\t<div class=\"carousel-item testimonial-item-8009\">\n            <div class=\"testimonial-item text-center\">\n                <p class=\"minion\">Lorem ipsum dolor sit amet, consectetur adipiscing elit metus vel leo placerat cursus. Nullam rutrum velit eget quam pretium vehicula. Maecenas enim velit.<\/p>\n                <div class=\"media professor\">\n                \t                    <div class=\"pull-left\">\n                    \t                        <img loading=\"lazy\" decoding=\"async\" src=\"https:\/\/elearning.upt.ro\/wp-includes\/images\/media\/default.svg\" width=\"50\" height=\"50\" alt=\"John Doe\">\n                    <\/div>\n                                        <div class=\"media-body\">\n                        <h6 class=\"media-heading main-color-2\">John Doe<\/h6>\n                        <span>Professor<\/span>\n                    <\/div>\n                <\/div>\n            <\/div>\n        <\/div><!--\/carousel-item-->\n\t\t\t<div class=\"carousel-item testimonial-item-1477\">\n            <div class=\"testimonial-item text-center\">\n                <p class=\"minion\">Lorem ipsum dolor sit amet, consectetur adipiscing elit metus vel leo placerat cursus. Nullam rutrum velit eget quam pretium vehicula. Maecenas enim velit.<\/p>\n                <div class=\"media professor\">\n                \t                    <div class=\"pull-left\">\n                    \t                        <img loading=\"lazy\" decoding=\"async\" src=\"https:\/\/elearning.upt.ro\/wp-includes\/images\/media\/default.svg\" width=\"50\" height=\"50\" alt=\"Phoebe Greens\">\n                    <\/div>\n                                        <div class=\"media-body\">\n                        <h6 class=\"media-heading main-color-2\">Phoebe Greens<\/h6>\n                        <span>Professor<\/span>\n                    <\/div>\n                <\/div>\n            <\/div>\n        <\/div><!--\/carousel-item-->\n\t\t\t<div class=\"carousel-item testimonial-item-9088\">\n            <div class=\"testimonial-item text-center\">\n                <p class=\"minion\">Lorem ipsum dolor sit amet, consectetur adipiscing elit metus vel leo placerat cursus. Nullam rutrum velit eget quam pretium vehicula. Maecenas enim velit.<\/p>\n                <div class=\"media professor\">\n                \t                    <div class=\"pull-left\">\n                    \t                        <img loading=\"lazy\" decoding=\"async\" src=\"https:\/\/elearning.upt.ro\/wp-includes\/images\/media\/default.svg\" width=\"50\" height=\"50\" alt=\"Vicky\">\n                    <\/div>\n                                        <div class=\"media-body\">\n                        <h6 class=\"media-heading main-color-2\">Vicky<\/h6>\n                        <span>Professor<\/span>\n                    <\/div>\n                <\/div>\n            <\/div>\n        <\/div><!--\/carousel-item-->\n\t                <\/div>\n            <\/div>\n        <\/section><!--\/testimonial-->\n\t[\/vc_column][\/vc_row]<\/p>\n","protected":false},"excerpt":{"rendered":"<p>[vc_row css=&#8221;.vc_custom_1421037422812{padding-top: 100px !important;padding-bottom: 100px !important;background-image: url(http:\/\/university.cactusthemes.com\/wp-content\/uploads\/2014\/07\/051.jpg?id=1130) !important;background-position: center !important;background-repeat: no-repeat !important;background-size: cover !important;}&#8221; u_row_style=&#8221;0&#8243; u_row_paralax=&#8221;1&#8243; u_row_scheme=&#8221;1&#8243;][vc_column width=&#8221;1\/1&#8243;][\/vc_column][\/vc_row][vc_row css=&#8221;.vc_custom_1405671535788{padding-top: 40px !important;padding-bottom: 20px !important;background-color: #ffffff !important;}&#8221; u_row_style=&#8221;0&#8243; u_row_scheme=&#8221;0&#8243; u_row_paralax=&#8221;0&#8243;][vc_column width=&#8221;1\/4&#8243;][\/vc_column][vc_column width=&#8221;1\/4&#8243;][\/vc_column][vc_column width=&#8221;1\/4&#8243;][\/vc_column][vc_column width=&#8221;1\/4&#8243;][\/vc_column][\/vc_row][vc_row css=&#8221;.vc_custom_1407408629749{padding-top: 100px !important;padding-bottom: 60px !important;background-color: #d6d8d8 !important;background-position: center !important;background-repeat: no-repeat !important;background-size: cover !important;}&#8221; u_row_style=&#8221;0&#8243; u_row_scheme=&#8221;0&#8243; u_row_paralax=&#8221;1&#8243;][vc_column width=&#8221;1\/2&#8243;][vc_single_image image=&#8221;2636&#8243; css_animation=&#8221;left-to-right&#8221; alignment=&#8221;center&#8221; border_color=&#8221;grey&#8221; img_link_target=&#8221;_self&#8221; img_size=&#8221;550&#215;391&#8243; [&hellip;]<\/p>\n","protected":false},"author":1,"featured_media":0,"parent":0,"menu_order":0,"comment_status":"closed","ping_status":"open","template":"page-templates\/front-page.php","meta":{"footnotes":""},"class_list":["post-1029","page","type-page","status-publish","hentry"],"yoast_head":"<!-- This site is optimized with the Yoast SEO plugin v27.4 - https:\/\/yoast.com\/product\/yoast-seo-wordpress\/ -->\n<title>University - Event Grid - Universitatea Politehnica Timi\u015foara Departamentul de ID\/IFR \u0219i Educa\u021bie Digital\u0103 \u2013 DeL<\/title>\n<meta name=\"robots\" content=\"index, follow, max-snippet:-1, max-image-preview:large, max-video-preview:-1\" \/>\n<link rel=\"canonical\" href=\"https:\/\/elearning.upt.ro\/en\/university-event-grid\/\" \/>\n<meta property=\"og:locale\" content=\"en_US\" \/>\n<meta property=\"og:type\" content=\"article\" \/>\n<meta property=\"og:title\" content=\"University - Event Grid - Universitatea Politehnica Timi\u015foara Departamentul de ID\/IFR \u0219i Educa\u021bie Digital\u0103 \u2013 DeL\" \/>\n<meta property=\"og:description\" content=\"[vc_row css=&#8221;.vc_custom_1421037422812{padding-top: 100px !important;padding-bottom: 100px !important;background-image: url(http:\/\/university.cactusthemes.com\/wp-content\/uploads\/2014\/07\/051.jpg?id=1130) !important;background-position: center !important;background-repeat: no-repeat !important;background-size: cover !important;}&#8221; u_row_style=&#8221;0&#8243; u_row_paralax=&#8221;1&#8243; u_row_scheme=&#8221;1&#8243;][vc_column width=&#8221;1\/1&#8243;][\/vc_column][\/vc_row][vc_row css=&#8221;.vc_custom_1405671535788{padding-top: 40px !important;padding-bottom: 20px !important;background-color: #ffffff !important;}&#8221; u_row_style=&#8221;0&#8243; u_row_scheme=&#8221;0&#8243; u_row_paralax=&#8221;0&#8243;][vc_column width=&#8221;1\/4&#8243;][\/vc_column][vc_column width=&#8221;1\/4&#8243;][\/vc_column][vc_column width=&#8221;1\/4&#8243;][\/vc_column][vc_column width=&#8221;1\/4&#8243;][\/vc_column][\/vc_row][vc_row css=&#8221;.vc_custom_1407408629749{padding-top: 100px !important;padding-bottom: 60px !important;background-color: #d6d8d8 !important;background-position: center !important;background-repeat: no-repeat !important;background-size: cover !important;}&#8221; u_row_style=&#8221;0&#8243; u_row_scheme=&#8221;0&#8243; u_row_paralax=&#8221;1&#8243;][vc_column width=&#8221;1\/2&#8243;][vc_single_image image=&#8221;2636&#8243; css_animation=&#8221;left-to-right&#8221; alignment=&#8221;center&#8221; border_color=&#8221;grey&#8221; img_link_target=&#8221;_self&#8221; img_size=&#8221;550&#215;391&#8243; [&hellip;]\" \/>\n<meta property=\"og:url\" content=\"https:\/\/elearning.upt.ro\/en\/university-event-grid\/\" \/>\n<meta property=\"og:site_name\" content=\"Universitatea Politehnica Timi\u015foara Departamentul de ID\/IFR \u0219i Educa\u021bie Digital\u0103 \u2013 DeL\" \/>\n<meta property=\"article:publisher\" content=\"https:\/\/www.facebook.com\/CIDUPT\/?ref=page_internal\" \/>\n<meta name=\"twitter:card\" content=\"summary_large_image\" \/>\n<meta name=\"twitter:label1\" content=\"Est. reading time\" \/>\n\t<meta name=\"twitter:data1\" content=\"3 minutes\" \/>\n<script type=\"application\/ld+json\" class=\"yoast-schema-graph\">{\"@context\":\"https:\\\/\\\/schema.org\",\"@graph\":[{\"@type\":\"WebPage\",\"@id\":\"https:\\\/\\\/elearning.upt.ro\\\/en\\\/university-event-grid\\\/\",\"url\":\"https:\\\/\\\/elearning.upt.ro\\\/en\\\/university-event-grid\\\/\",\"name\":\"University - Event Grid - Universitatea Politehnica Timi\u015foara Departamentul de ID\\\/IFR \u0219i Educa\u021bie Digital\u0103 \u2013 DeL\",\"isPartOf\":{\"@id\":\"https:\\\/\\\/elearning.upt.ro\\\/ro\\\/#website\"},\"datePublished\":\"2014-07-18T09:21:52+00:00\",\"breadcrumb\":{\"@id\":\"https:\\\/\\\/elearning.upt.ro\\\/en\\\/university-event-grid\\\/#breadcrumb\"},\"inLanguage\":\"en-US\",\"potentialAction\":[{\"@type\":\"ReadAction\",\"target\":[\"https:\\\/\\\/elearning.upt.ro\\\/en\\\/university-event-grid\\\/\"]}]},{\"@type\":\"BreadcrumbList\",\"@id\":\"https:\\\/\\\/elearning.upt.ro\\\/en\\\/university-event-grid\\\/#breadcrumb\",\"itemListElement\":[{\"@type\":\"ListItem\",\"position\":1,\"name\":\"Home\",\"item\":\"https:\\\/\\\/elearning.upt.ro\\\/\"},{\"@type\":\"ListItem\",\"position\":2,\"name\":\"University &#8211; Event Grid\"}]},{\"@type\":\"WebSite\",\"@id\":\"https:\\\/\\\/elearning.upt.ro\\\/ro\\\/#website\",\"url\":\"https:\\\/\\\/elearning.upt.ro\\\/ro\\\/\",\"name\":\"Universitatea Politehnica Timi\u015foara Departamentul de ID\\\/IFR \u0219i Educa\u021bie Digital\u0103 \u2013 DeL\",\"description\":\"\",\"potentialAction\":[{\"@type\":\"SearchAction\",\"target\":{\"@type\":\"EntryPoint\",\"urlTemplate\":\"https:\\\/\\\/elearning.upt.ro\\\/ro\\\/?s={search_term_string}\"},\"query-input\":{\"@type\":\"PropertyValueSpecification\",\"valueRequired\":true,\"valueName\":\"search_term_string\"}}],\"inLanguage\":\"en-US\"}]}<\/script>\n<!-- \/ Yoast SEO plugin. -->","yoast_head_json":{"title":"University - Event Grid - Politehnica University Timi\u015foara Department of ID\/IFR and Digital Education \u2013 DeL","robots":{"index":"index","follow":"follow","max-snippet":"max-snippet:-1","max-image-preview":"max-image-preview:large","max-video-preview":"max-video-preview:-1"},"canonical":"https:\/\/elearning.upt.ro\/en\/university-event-grid\/","og_locale":"en_US","og_type":"article","og_title":"University - Event Grid - Universitatea Politehnica Timi\u015foara Departamentul de ID\/IFR \u0219i Educa\u021bie Digital\u0103 \u2013 DeL","og_description":"[vc_row css=&#8221;.vc_custom_1421037422812{padding-top: 100px !important;padding-bottom: 100px !important;background-image: url(http:\/\/university.cactusthemes.com\/wp-content\/uploads\/2014\/07\/051.jpg?id=1130) !important;background-position: center !important;background-repeat: no-repeat !important;background-size: cover !important;}&#8221; u_row_style=&#8221;0&#8243; u_row_paralax=&#8221;1&#8243; u_row_scheme=&#8221;1&#8243;][vc_column width=&#8221;1\/1&#8243;][\/vc_column][\/vc_row][vc_row css=&#8221;.vc_custom_1405671535788{padding-top: 40px !important;padding-bottom: 20px !important;background-color: #ffffff !important;}&#8221; u_row_style=&#8221;0&#8243; u_row_scheme=&#8221;0&#8243; u_row_paralax=&#8221;0&#8243;][vc_column width=&#8221;1\/4&#8243;][\/vc_column][vc_column width=&#8221;1\/4&#8243;][\/vc_column][vc_column width=&#8221;1\/4&#8243;][\/vc_column][vc_column width=&#8221;1\/4&#8243;][\/vc_column][\/vc_row][vc_row css=&#8221;.vc_custom_1407408629749{padding-top: 100px !important;padding-bottom: 60px !important;background-color: #d6d8d8 !important;background-position: center !important;background-repeat: no-repeat !important;background-size: cover !important;}&#8221; u_row_style=&#8221;0&#8243; u_row_scheme=&#8221;0&#8243; u_row_paralax=&#8221;1&#8243;][vc_column width=&#8221;1\/2&#8243;][vc_single_image image=&#8221;2636&#8243; css_animation=&#8221;left-to-right&#8221; alignment=&#8221;center&#8221; border_color=&#8221;grey&#8221; img_link_target=&#8221;_self&#8221; img_size=&#8221;550&#215;391&#8243; [&hellip;]","og_url":"https:\/\/elearning.upt.ro\/en\/university-event-grid\/","og_site_name":"Universitatea Politehnica Timi\u015foara Departamentul de ID\/IFR \u0219i Educa\u021bie Digital\u0103 \u2013 DeL","article_publisher":"https:\/\/www.facebook.com\/CIDUPT\/?ref=page_internal","twitter_card":"summary_large_image","twitter_misc":{"Est. reading time":"3 minutes"},"schema":{"@context":"https:\/\/schema.org","@graph":[{"@type":"WebPage","@id":"https:\/\/elearning.upt.ro\/en\/university-event-grid\/","url":"https:\/\/elearning.upt.ro\/en\/university-event-grid\/","name":"University - Event Grid - Politehnica University Timi\u015foara Department of ID\/IFR and Digital Education \u2013 DeL","isPartOf":{"@id":"https:\/\/elearning.upt.ro\/ro\/#website"},"datePublished":"2014-07-18T09:21:52+00:00","breadcrumb":{"@id":"https:\/\/elearning.upt.ro\/en\/university-event-grid\/#breadcrumb"},"inLanguage":"en-US","potentialAction":[{"@type":"ReadAction","target":["https:\/\/elearning.upt.ro\/en\/university-event-grid\/"]}]},{"@type":"BreadcrumbList","@id":"https:\/\/elearning.upt.ro\/en\/university-event-grid\/#breadcrumb","itemListElement":[{"@type":"ListItem","position":1,"name":"Home","item":"https:\/\/elearning.upt.ro\/"},{"@type":"ListItem","position":2,"name":"University &#8211; Event Grid"}]},{"@type":"WebSite","@id":"https:\/\/elearning.upt.ro\/ro\/#website","url":"https:\/\/elearning.upt.ro\/ro\/","name":"Politehnica University Timi\u015foara Department of ID\/IFR and Digital Education \u2013 DeL","description":"","potentialAction":[{"@type":"SearchAction","target":{"@type":"EntryPoint","urlTemplate":"https:\/\/elearning.upt.ro\/ro\/?s={search_term_string}"},"query-input":{"@type":"PropertyValueSpecification","valueRequired":true,"valueName":"search_term_string"}}],"inLanguage":"en-US"}]}},"_links":{"self":[{"href":"https:\/\/elearning.upt.ro\/en\/wp-json\/wp\/v2\/pages\/1029","targetHints":{"allow":["GET"]}}],"collection":[{"href":"https:\/\/elearning.upt.ro\/en\/wp-json\/wp\/v2\/pages"}],"about":[{"href":"https:\/\/elearning.upt.ro\/en\/wp-json\/wp\/v2\/types\/page"}],"author":[{"embeddable":true,"href":"https:\/\/elearning.upt.ro\/en\/wp-json\/wp\/v2\/users\/1"}],"replies":[{"embeddable":true,"href":"https:\/\/elearning.upt.ro\/en\/wp-json\/wp\/v2\/comments?post=1029"}],"version-history":[{"count":0,"href":"https:\/\/elearning.upt.ro\/en\/wp-json\/wp\/v2\/pages\/1029\/revisions"}],"wp:attachment":[{"href":"https:\/\/elearning.upt.ro\/en\/wp-json\/wp\/v2\/media?parent=1029"}],"curies":[{"name":"wp","href":"https:\/\/api.w.org\/{rel}","templated":true}]}}